{"id":857,"date":"2024-10-02T10:45:34","date_gmt":"2024-10-02T10:45:34","guid":{"rendered":"https:\/\/seda.hi-iberia.es\/?page_id=857"},"modified":"2025-05-20T11:09:18","modified_gmt":"2025-05-20T11:09:18","slug":"eventos","status":"publish","type":"page","link":"https:\/\/seda.hi-iberia.es\/en\/eventos\/","title":{"rendered":"Events"},"content":{"rendered":"<div data-elementor-type=\"wp-page\" data-elementor-id=\"857\" class=\"elementor elementor-857\">\n\t\t\t\t\t\t<section class=\"elementor-section elementor-top-section elementor-element elementor-element-304b7628 elementor-section-boxed elementor-section-height-default elementor-section-height-default\" data-id=\"304b7628\" data-element_type=\"section\">\n\t\t\t\t\t\t<div class=\"elementor-container elementor-column-gap-default\">\n\t\t\t\t\t<div class=\"elementor-column elementor-col-100 elementor-top-column elementor-element elementor-element-2c692d9e\" data-id=\"2c692d9e\" data-element_type=\"column\">\n\t\t\t<div class=\"elementor-widget-wrap elementor-element-populated\">\n\t\t\t\t\t\t<div class=\"elementor-element elementor-element-13169402 elementor-widget elementor-widget-text-editor\" data-id=\"13169402\" data-element_type=\"widget\" data-widget_type=\"text-editor.default\">\n\t\t\t\t<div class=\"elementor-widget-container\">\n\t\t\t\t\t\t\t\t\t<div class=\"wp-block-group\">\n<p><\/p>\n<h1 class=\"wp-block-heading has-text-align-center\">Events<\/h1>\n<p><\/p>\n<p><\/p>\n<div class=\"wp-block-group is-layout-flow wp-block-group-is-layout-flow\">\n<p><\/p>\n<div class=\"wp-block-spacer\" style=\"height: 0px;\" aria-hidden=\"true\">&nbsp;<\/div>\n<p><\/p>\n<p><\/p>\n<div class=\"wp-block-columns is-layout-flex wp-container-core-columns-is-layout-28f84493 wp-block-columns-is-layout-flex\">\n<p><\/p>\n<div class=\"wp-block-column is-style-default is-layout-flow wp-block-column-is-layout-flow\" style=\"border-style: none; border-width: 0px; padding: 0;\">\n<p><\/p>\n<figure class=\"wp-block-image size-medium\"><img decoding=\"async\" class=\"wp-image-2087\" src=\"https:\/\/seda.hi-iberia.es\/wp-content\/uploads\/2025\/05\/HI_Airbus_logos_300_230.jpg\" alt=\"HI_Airbus_logos\"><\/figure>\n<p><\/p>\n<p>\n<\/p>\n<h2 class=\"wp-block-heading\"><strong>AIRBUS image distributors<\/strong><\/h2>\n<p><\/p>\n<p>\n<\/p>\n<p><strong>Spain, Madrid - May 2025<\/strong><\/p>\n<p><\/p>\n<p>\n<\/p>\n<p>We announce the partnership of HI Iberia with Airbus Defence and Space as a new partner in the Defence and Security market in Spain, making us official distributors of their imagery. We thank Airbus for the trust placed in our SEDA tool, which is enhanced by the integration of satellite imagery from the various Airbus constellations. <\/p>\n<p><\/p>\n<p>\n<\/p>\n<div class=\"wp-block-buttons is-horizontal is-layout-flex wp-block-buttons-is-layout-flex\">\n<p><\/p>\n<div class=\"wp-block-button\"><a class=\"wp-block-button__link has-background wp-element-button\" style=\"background-color: #0578a6;\" href=\"https:\/\/seda.hi-iberia.es\/en\/eventos\/acuerdo-de-distribucion-de-imagenes-de-hi-iberia-con-airbus\/\">Read more<\/a><\/div>\n<p><\/p>\n<\/div>\n<p><\/p>\n<\/div>\n<div class=\"wp-block-column is-style-default\" style=\"border-style: none; border-width: 0px; padding: 0;\">\n<p><\/p>\n<figure class=\"wp-block-image size-medium\"><img decoding=\"async\" class=\"wp-image-2087\" src=\"https:\/\/seda.hi-iberia.es\/wp-content\/uploads\/2025\/05\/logo-feindef-300_230.png\" alt=\"FEINDEF25\"><\/figure>\n<p><\/p>\n<p>\n<\/p>\n<h2 class=\"wp-block-heading\"><strong>FEINDEF25<\/strong><\/h2>\n<p><\/p>\n<p>\n<\/p>\n<p><strong>Spain, Madrid - May 2025<\/strong><\/p>\n<p><\/p>\n<p>\n<\/p>\n<p>HI Iberia participated in FEINDEF 25, Spain's International Defence and Security Fair, which once again consolidated its position as the largest showcase for the sector in the country. Held at IFEMA, Madrid, HI Iberia presented its advanced satellite analysis tool, SEDA, along with its portable Edge Computing module, AMIGO, at a dedicated stand. <\/p>\n<p><\/p>\n<p>\n<\/p>\n<div class=\"wp-block-buttons is-horizontal is-layout-flex wp-block-buttons-is-layout-flex\">\n<p><\/p>\n<div class=\"wp-block-button\"><a class=\"wp-block-button__link has-background wp-element-button\" style=\"background-color: #0578a6;\" href=\"https:\/\/seda.hi-iberia.es\/en\/eventos\/feindef25\/\">Read more<\/a><\/div>\n<p><\/p>\n<\/div>\n<p><\/p>\n<\/div>\n<div class=\"wp-block-column is-style-default\" style=\"border-style: none; border-width: 0px; padding: 0;\">\n<p><\/p>\n<figure class=\"wp-block-image size-medium\"><img decoding=\"async\" class=\"wp-image-2087\" src=\"https:\/\/seda.hi-iberia.es\/wp-content\/uploads\/2025\/05\/Nato_BISRWG_300_230-e1747736080561.png\" alt=\"Digital Twin Tech Day\"><\/figure>\n<p><\/p>\n<p><\/p>\n<h2 class=\"wp-block-heading\"><strong>NATO 22nd BISRWG<\/strong><\/h2>\n<p><\/p>\n<p><\/p>\n<p><strong>Netherlands, The Hague \u2013 March 2025<\/strong><\/p>\n<p><\/p>\n<p><\/p>\n<p>HI Iberia participated in the 22nd edition of the BICES ISR Working Group (BISRWG) event, held at the former airbase 'Unmanned Valley' near The Hague, Netherlands, on March 27, 2025. The event established itself as a key platform for showcasing the latest advancements in the industry and defense sectors, as well as facilitating networking among professionals in the field.<\/p>\n<p><\/p>\n<p><\/p>\n<div class=\"wp-block-buttons is-horizontal is-layout-flex wp-block-buttons-is-layout-flex\">\n<p><\/p>\n<div class=\"wp-block-button\"><a class=\"wp-block-button__link has-background wp-element-button\" style=\"background-color: #0578a6;\" href=\"https:\/\/seda.hi-iberia.es\/en\/eventos\/otan-22nd-bisrwg\/\">Read more<\/a><\/div>\n<p><\/p>\n<\/div>\n<p><\/p>\n<\/div>\n<p><\/p>\n<\/div>\n<p><\/p>\n<p><\/p>\n<div class=\"wp-block-spacer\" style=\"height: 100px;\" aria-hidden=\"true\">&nbsp;<\/div>\n<p><\/p>\n<p><\/p>\n<div class=\"wp-block-columns is-layout-flex wp-container-core-columns-is-layout-28f84493 wp-block-columns-is-layout-flex\">\n<p><\/p>\n<div class=\"wp-block-column is-style-flex is-layout-flow wp-block-column-is-layout-flow\" style=\"border-style: none; border-width: 0px; padding: 0;\">\n<p><\/p>\n<figure class=\"wp-block-image size-medium\"><img decoding=\"async\" class=\"wp-image-2008\" src=\"https:\/\/seda.hi-iberia.es\/wp-content\/uploads\/2025\/05\/nato_hq_resize-e1747642705852.avif\" alt=\"\"><\/figure>\n<p><\/p>\n<p><\/p>\n<h2 class=\"wp-block-heading\"><strong>NATO Operational Test<\/strong> &#8211; ACE25<\/h2>\n<p><\/p>\n<p><\/p>\n<p><strong>Belgium, Brussels \u2013 February 2025<\/strong><\/p>\n<p><\/p>\n<p><\/p>\n<p>SEDA participated in a NATO exercise in Brussels in February 2025, with the support of the BICES executive group. For a week, the AMIGO module, SEDA's Edge Computing solution, processed satellite imagery in real-time, standing out for its ability to detect key elements in defense operations.<\/p>\n<p><\/p>\n<p><\/p>\n<div class=\"wp-block-buttons is-horizontal is-layout-flex wp-block-buttons-is-layout-flex\">\n<p><\/p>\n<div class=\"wp-block-button\"><a class=\"wp-block-button__link has-background wp-element-button\" style=\"background-color: #0578a6;\" href=\"https:\/\/seda.hi-iberia.es\/en\/eventos\/test-operacional-otan\/\">Read more<\/a><\/div>\n<p><\/p>\n<\/div>\n<p><\/p>\n<\/div>\n<p><\/p>\n<p><\/p>\n<div class=\"wp-block-column is-style-default is-layout-flow wp-block-column-is-layout-flow\" style=\"border-style: none; border-width: 0px; padding: 0;\">\n<p><\/p>\n<figure class=\"wp-block-image size-medium\"><img fetchpriority=\"high\" decoding=\"async\" width=\"300\" height=\"230\" class=\"wp-image-2087\" src=\"https:\/\/seda.hi-iberia.es\/wp-content\/uploads\/2024\/12\/Captura-de-pantalla-2024-12-11-a-las-10.14.40-300x230.png\" alt=\"Digital Twin Tech Day\" srcset=\"https:\/\/seda.hi-iberia.es\/wp-content\/uploads\/2024\/12\/Captura-de-pantalla-2024-12-11-a-las-10.14.40-300x230.png 300w, https:\/\/seda.hi-iberia.es\/wp-content\/uploads\/2024\/12\/Captura-de-pantalla-2024-12-11-a-las-10.14.40-1024x787.png 1024w, https:\/\/seda.hi-iberia.es\/wp-content\/uploads\/2024\/12\/Captura-de-pantalla-2024-12-11-a-las-10.14.40-768x590.png 768w, https:\/\/seda.hi-iberia.es\/wp-content\/uploads\/2024\/12\/Captura-de-pantalla-2024-12-11-a-las-10.14.40-16x12.png 16w, https:\/\/seda.hi-iberia.es\/wp-content\/uploads\/2024\/12\/Captura-de-pantalla-2024-12-11-a-las-10.14.40.png 1130w\" sizes=\"(max-width: 300px) 100vw, 300px\" \/><\/figure>\n<p><\/p>\n<p><\/p>\n<h2 class=\"wp-block-heading\"><strong>Navantia Digital Twin Tech Day<\/strong><\/h2>\n<p><\/p>\n<p><\/p>\n<p><strong><strong>Spain, Ferrol - December 2024<\/strong><\/strong><\/p>\n<p><\/p>\n<p><\/p>\n<p>Navantia, together with Accenture and HI Iberia, held a technological event in Ferrol focused on innovation in the naval and defense sector. The event showcased SEDA and advancements such as Deep Learning Subrogated Models (DLSM) and their application in surveillance, predictive maintenance, and 5G and NTN communications.<\/p>\n<p><\/p>\n<p><\/p>\n<div class=\"wp-block-buttons is-horizontal is-layout-flex wp-block-buttons-is-layout-flex\">\n<p><\/p>\n<div class=\"wp-block-button\"><a class=\"wp-block-button__link has-background wp-element-button\" style=\"background-color: #0578a6;\" href=\"https:\/\/seda.hi-iberia.es\/en\/eventos\/navantia-digital-twin-tech-day\/\">Read more<\/a><\/div>\n<p><\/p>\n<\/div>\n<p><\/p>\n<\/div>\n<p><\/p>\n<p><\/p>\n<div class=\"wp-block-column is-style-default is-layout-flow wp-block-column-is-layout-flow\" style=\"border-style: none; border-width: 0px; padding: 0;\">\n<p><\/p>\n<figure class=\"wp-block-image size-medium\"><img decoding=\"async\" width=\"300\" height=\"225\" class=\"wp-image-2008\" src=\"https:\/\/seda.hi-iberia.es\/wp-content\/uploads\/2024\/11\/Portada-300x225.jpg\" alt=\"\" srcset=\"https:\/\/seda.hi-iberia.es\/wp-content\/uploads\/2024\/11\/Portada-300x225.jpg 300w, https:\/\/seda.hi-iberia.es\/wp-content\/uploads\/2024\/11\/Portada-1024x768.jpg 1024w, https:\/\/seda.hi-iberia.es\/wp-content\/uploads\/2024\/11\/Portada-768x576.jpg 768w, https:\/\/seda.hi-iberia.es\/wp-content\/uploads\/2024\/11\/Portada-1536x1152.jpg 1536w, https:\/\/seda.hi-iberia.es\/wp-content\/uploads\/2024\/11\/Portada-2048x1536.jpg 2048w, https:\/\/seda.hi-iberia.es\/wp-content\/uploads\/2024\/11\/Portada-16x12.jpg 16w\" sizes=\"(max-width: 300px) 100vw, 300px\" \/><\/figure>\n<p><\/p>\n<p><\/p>\n<h2 class=\"wp-block-heading\"><strong>National Defense and Security R&amp;D Congress 2024<\/strong>&nbsp;<\/h2>\n<p><\/p>\n<p><\/p>\n<p><strong>Spain, Jaen - November 2024<\/strong><\/p>\n<p><\/p>\n<p><\/p>\n<p>DESEi+d 2024, held in Ja\u00e9n, positions itself as a forum and meeting point for all stakeholders involved in R&amp;D in the field of Defence and Security, where there was an opportunity to present and disseminate the results of the latest research in this field.<\/p>\n<p><\/p>\n<p><\/p>\n<div class=\"wp-block-buttons is-horizontal is-layout-flex wp-block-buttons-is-layout-flex\">\n<p><\/p>\n<div class=\"wp-block-button\"><a class=\"wp-block-button__link has-background wp-element-button\" style=\"background-color: #0578a6;\" href=\"https:\/\/seda.hi-iberia.es\/en\/eventos\/congreso-nacional-de-id-en-defensa-y-seguridad-2024\/\">Read more<\/a><\/div>\n<p><\/p>\n<\/div>\n<p><\/p>\n<\/div>\n<p><\/p>\n<\/div>\n<p><\/p>\n<p><\/p>\n<div class=\"wp-block-spacer\" style=\"height: 100px;\" aria-hidden=\"true\">&nbsp;<\/div>\n<p><\/p>\n<p><\/p>\n<div class=\"wp-block-columns is-layout-flex wp-container-core-columns-is-layout-28f84493 wp-block-columns-is-layout-flex\">\n<p><\/p>\n<div class=\"wp-block-column is-vertically-aligned-bottom is-style-default is-layout-flow wp-block-column-is-layout-flow\" style=\"border-style: none; border-width: 0px; padding: 0;\">\n<p><\/p>\n<figure class=\"wp-block-image size-large\"><img decoding=\"async\" width=\"1024\" height=\"724\" class=\"wp-image-1667\" style=\"object-fit: cover;\" src=\"https:\/\/seda.hi-iberia.es\/wp-content\/uploads\/2024\/10\/Jornadas-tecnicas-armada-1-1024x724.png\" alt=\"\" srcset=\"https:\/\/seda.hi-iberia.es\/wp-content\/uploads\/2024\/10\/Jornadas-tecnicas-armada-1-1024x724.png 1024w, https:\/\/seda.hi-iberia.es\/wp-content\/uploads\/2024\/10\/Jornadas-tecnicas-armada-1-300x212.png 300w, https:\/\/seda.hi-iberia.es\/wp-content\/uploads\/2024\/10\/Jornadas-tecnicas-armada-1-768x543.png 768w, https:\/\/seda.hi-iberia.es\/wp-content\/uploads\/2024\/10\/Jornadas-tecnicas-armada-1-18x12.png 18w, https:\/\/seda.hi-iberia.es\/wp-content\/uploads\/2024\/10\/Jornadas-tecnicas-armada-1.png 1200w\" sizes=\"(max-width: 1024px) 100vw, 1024px\" \/><\/figure>\n<p><\/p>\n<p><\/p>\n<h2 class=\"wp-block-heading\">Navy Headquarters, Navy-Defense Industry Technical Conference &nbsp;<\/h2>\n<p><\/p>\n<p><\/p>\n<p>Spain, Madrid - September 2024<\/p>\n<p><\/p>\n<p><\/p>\n<p class=\"has-text-align-left\">Annual technical workshops for collaboration between the Armed Forces and the technological and defense industry to promote dialogue and the joint development of innovative solutions that strengthen the operational capabilities of naval and military defense.<\/p>\n<p><\/p>\n<p><\/p>\n<div class=\"wp-block-buttons is-layout-flex wp-block-buttons-is-layout-flex\">\n<p><\/p>\n<div class=\"wp-block-button\"><a class=\"wp-block-button__link has-background wp-element-button\" style=\"background-color: #0578a6;\" href=\"https:\/\/seda.hi-iberia.es\/en\/2024\/09\/26\/cuartel-general-de-la-armada-jornadas-tecnicas-armada-industria-defensa\/\">Read more<\/a><\/div>\n<p><\/p>\n<\/div>\n<p><\/p>\n<\/div>\n<p><\/p>\n<p><\/p>\n<div class=\"wp-block-column is-vertically-aligned-bottom is-style-default has-global-padding is-content-justification-center is-layout-constrained wp-container-core-column-is-layout-24bcade5 wp-block-column-is-layout-constrained\" style=\"border-style: none; border-width: 0px; padding: 0;\">\n<p><\/p>\n<figure class=\"wp-block-image size-large\"><img loading=\"lazy\" decoding=\"async\" width=\"1024\" height=\"724\" class=\"wp-image-1668\" style=\"object-fit: cover;\" src=\"https:\/\/seda.hi-iberia.es\/wp-content\/uploads\/2024\/10\/European-Defence-Fund-1-1-1024x724.png\" alt=\"\" srcset=\"https:\/\/seda.hi-iberia.es\/wp-content\/uploads\/2024\/10\/European-Defence-Fund-1-1-1024x724.png 1024w, https:\/\/seda.hi-iberia.es\/wp-content\/uploads\/2024\/10\/European-Defence-Fund-1-1-300x212.png 300w, https:\/\/seda.hi-iberia.es\/wp-content\/uploads\/2024\/10\/European-Defence-Fund-1-1-768x543.png 768w, https:\/\/seda.hi-iberia.es\/wp-content\/uploads\/2024\/10\/European-Defence-Fund-1-1-18x12.png 18w, https:\/\/seda.hi-iberia.es\/wp-content\/uploads\/2024\/10\/European-Defence-Fund-1-1.png 1200w\" sizes=\"(max-width: 1024px) 100vw, 1024px\" \/><\/figure>\n<p><\/p>\n<p><\/p>\n<h2 class=\"wp-block-heading\">EDF (European Defence Fund) 2024 | <strong>Information Day<\/strong>&nbsp;and <strong>Networking Event<\/strong><\/h2>\n<p><\/p>\n<p><\/p>\n<p>Belgium, Brussels - May 2024&nbsp;<\/p>\n<p><\/p>\n<p><\/p>\n<p>Annual Congress of the European Defence Fund Initiative to strengthen cooperation among Member States in the field of defense, fund joint research and development projects, and promote the competitiveness of the European defense industry.<\/p>\n<p><\/p>\n<p><\/p>\n<div class=\"wp-block-buttons is-layout-flex wp-container-core-buttons-is-layout-168ce233 wp-block-buttons-is-layout-flex\">\n<p><\/p>\n<div class=\"wp-block-button\"><a class=\"wp-block-button__link has-background wp-element-button\" style=\"background-color: #0578a6;\" href=\"https:\/\/seda.hi-iberia.es\/en\/2024\/05\/28\/edf-european-defence-fund-2024\/\">Read more<\/a><\/div>\n<p><\/p>\n<\/div>\n<p><\/p>\n<\/div>\n<p><\/p>\n<p><\/p>\n<div class=\"wp-block-column is-style-default is-layout-flow wp-block-column-is-layout-flow\" style=\"border-style: none; border-width: 0px; padding: 0;\">\n<p><\/p>\n<figure class=\"wp-block-image size-full\"><img loading=\"lazy\" decoding=\"async\" width=\"1200\" height=\"848\" class=\"wp-image-1669\" style=\"object-fit: cover;\" src=\"https:\/\/seda.hi-iberia.es\/wp-content\/uploads\/2024\/10\/Ceris-2-1.png\" alt=\"\" srcset=\"https:\/\/seda.hi-iberia.es\/wp-content\/uploads\/2024\/10\/Ceris-2-1.png 1200w, https:\/\/seda.hi-iberia.es\/wp-content\/uploads\/2024\/10\/Ceris-2-1-300x212.png 300w, https:\/\/seda.hi-iberia.es\/wp-content\/uploads\/2024\/10\/Ceris-2-1-1024x724.png 1024w, https:\/\/seda.hi-iberia.es\/wp-content\/uploads\/2024\/10\/Ceris-2-1-768x543.png 768w, https:\/\/seda.hi-iberia.es\/wp-content\/uploads\/2024\/10\/Ceris-2-1-18x12.png 18w\" sizes=\"(max-width: 1200px) 100vw, 1200px\" \/><\/figure>\n<p><\/p>\n<p><\/p>\n<h2 class=\"wp-block-heading\">CERIS On Innovation For Maritime Situational Awareness and Security<\/h2>\n<p><\/p>\n<p><\/p>\n<p>Belgium, Brussels - Feb 2024<\/p>\n<p><\/p>\n<p><\/p>\n<p>2023 event prepared in Belgium by CERIS to foster collaboration between researchers, academics, industry professionals and government representatives to address the growing challenges in maritime security.<\/p>\n<p><\/p>\n<p><\/p>\n<div class=\"wp-block-buttons is-horizontal is-layout-flex wp-block-buttons-is-layout-flex\">\n<p><\/p>\n<div class=\"wp-block-button\"><a class=\"wp-block-button__link has-background wp-element-button\" style=\"background-color: #0578a6;\" href=\"https:\/\/seda.hi-iberia.es\/en\/2024\/02\/19\/ceris-workshop-on-innovation-for-maritime-situational-awareness-and-security\/\">Read more<\/a><\/div>\n<p><\/p>\n<\/div>\n<p><\/p>\n<\/div>\n<p><\/p>\n<\/div>\n<p><\/p>\n<p><\/p>\n<div class=\"wp-block-spacer\" style=\"height: 100px;\" aria-hidden=\"true\">&nbsp;<\/div>\n<p><\/p>\n<p><\/p>\n<div class=\"wp-block-columns is-layout-flex wp-container-core-columns-is-layout-28f84493 wp-block-columns-is-layout-flex\">\n<p><\/p>\n<div class=\"wp-block-column is-style-default is-layout-flow wp-block-column-is-layout-flow\" style=\"border-style: none; border-width: 0px; padding: 0;\">\n<p><\/p>\n<figure class=\"wp-block-image size-large\"><img loading=\"lazy\" decoding=\"async\" width=\"1024\" height=\"724\" class=\"wp-image-1670\" src=\"https:\/\/seda.hi-iberia.es\/wp-content\/uploads\/2024\/10\/Portada-I-congreso-civico-1-1024x724.png\" alt=\"\" srcset=\"https:\/\/seda.hi-iberia.es\/wp-content\/uploads\/2024\/10\/Portada-I-congreso-civico-1-1024x724.png 1024w, https:\/\/seda.hi-iberia.es\/wp-content\/uploads\/2024\/10\/Portada-I-congreso-civico-1-300x212.png 300w, https:\/\/seda.hi-iberia.es\/wp-content\/uploads\/2024\/10\/Portada-I-congreso-civico-1-768x543.png 768w, https:\/\/seda.hi-iberia.es\/wp-content\/uploads\/2024\/10\/Portada-I-congreso-civico-1-18x12.png 18w, https:\/\/seda.hi-iberia.es\/wp-content\/uploads\/2024\/10\/Portada-I-congreso-civico-1.png 1200w\" sizes=\"(max-width: 1024px) 100vw, 1024px\" \/><\/figure>\n<p><\/p>\n<p><\/p>\n<h2 class=\"wp-block-heading\">I Civil-Military Congress on Geospatial Information<\/h2>\n<p><\/p>\n<p><\/p>\n<p>Spain, Ciudad Real - November 2023&nbsp;<\/p>\n<p><\/p>\n<p><\/p>\n<p>The \"First Geospatial Information Congress,\" organized by the Center of Excellence in Geospatial and Innovation (CEGET), is an event designed to bring together experts in a collaborative space. It aims to share knowledge and explore new technologies that are transforming the geospatial landscape.<\/p>\n<p><\/p>\n<p><\/p>\n<div class=\"wp-block-buttons is-layout-flex wp-block-buttons-is-layout-flex\">\n<p><\/p>\n<div class=\"wp-block-button\"><a class=\"wp-block-button__link has-background wp-element-button\" style=\"background-color: #0578a6;\" href=\"https:\/\/seda.hi-iberia.es\/en\/2023\/11\/22\/i-congreso-civico-militar-de-informacion-geoespacial\/\">Read more<\/a><\/div>\n<p><\/p>\n<\/div>\n<p><\/p>\n<\/div>\n<p><\/p>\n<p><\/p>\n<div class=\"wp-block-column is-style-default is-layout-flow wp-block-column-is-layout-flow\" style=\"border-style: none; border-width: 0px; padding: 0;\">\n<p><\/p>\n<figure class=\"wp-block-image size-large\"><img loading=\"lazy\" decoding=\"async\" width=\"1024\" height=\"724\" class=\"wp-image-1672\" src=\"https:\/\/seda.hi-iberia.es\/wp-content\/uploads\/2024\/10\/Desei-portada-1-1024x724.png\" alt=\"\" srcset=\"https:\/\/seda.hi-iberia.es\/wp-content\/uploads\/2024\/10\/Desei-portada-1-1024x724.png 1024w, https:\/\/seda.hi-iberia.es\/wp-content\/uploads\/2024\/10\/Desei-portada-1-300x212.png 300w, https:\/\/seda.hi-iberia.es\/wp-content\/uploads\/2024\/10\/Desei-portada-1-768x543.png 768w, https:\/\/seda.hi-iberia.es\/wp-content\/uploads\/2024\/10\/Desei-portada-1-18x12.png 18w, https:\/\/seda.hi-iberia.es\/wp-content\/uploads\/2024\/10\/Desei-portada-1.png 1200w\" sizes=\"(max-width: 1024px) 100vw, 1024px\" \/><\/figure>\n<p><\/p>\n<p><\/p>\n<h2 class=\"wp-block-heading\">Congreso Nacional de I+D en Defensa y Seguridad 2023<\/h2>\n<p><\/p>\n<p><\/p>\n<p>Spain, Cartagena - October 2023&nbsp;<\/p>\n<p><\/p>\n<p><\/p>\n<p>DESEi+d 2023, held in Cartagena, aimed to bring together experts, academics, industry representatives, and defense sector stakeholders to promote collaboration and knowledge exchange around technological innovations that can be applied in both military and civilian fields.&nbsp;<\/p>\n<p><\/p>\n<p><\/p>\n<div class=\"wp-block-buttons is-layout-flex wp-block-buttons-is-layout-flex\">\n<p><\/p>\n<div class=\"wp-block-button\"><a class=\"wp-block-button__link has-background wp-element-button\" style=\"background-color: #0578a6;\" href=\"https:\/\/seda.hi-iberia.es\/en\/2023\/10\/16\/deseid-2023\/\">Read more<\/a><\/div>\n<p><\/p>\n<\/div>\n<p><\/p>\n<\/div>\n<p><\/p>\n<p><\/p>\n<div class=\"wp-block-column is-style-default is-layout-flow wp-block-column-is-layout-flow\" style=\"border-style: none; border-width: 0px; padding: 0;\">\n<p><\/p>\n<figure class=\"wp-block-image aligncenter size-full\"><img loading=\"lazy\" decoding=\"async\" width=\"1200\" height=\"848\" class=\"wp-image-1671\" style=\"object-fit: cover;\" src=\"https:\/\/seda.hi-iberia.es\/wp-content\/uploads\/2024\/10\/Unified-Vision-1.png\" alt=\"\" srcset=\"https:\/\/seda.hi-iberia.es\/wp-content\/uploads\/2024\/10\/Unified-Vision-1.png 1200w, https:\/\/seda.hi-iberia.es\/wp-content\/uploads\/2024\/10\/Unified-Vision-1-300x212.png 300w, https:\/\/seda.hi-iberia.es\/wp-content\/uploads\/2024\/10\/Unified-Vision-1-1024x724.png 1024w, https:\/\/seda.hi-iberia.es\/wp-content\/uploads\/2024\/10\/Unified-Vision-1-768x543.png 768w, https:\/\/seda.hi-iberia.es\/wp-content\/uploads\/2024\/10\/Unified-Vision-1-18x12.png 18w\" sizes=\"(max-width: 1200px) 100vw, 1200px\" \/><\/figure>\n<p><\/p>\n<p><\/p>\n<h2 class=\"wp-block-heading\">UV23, NATO Unified Vision 2023 Military Exercise<\/h2>\n<p><\/p>\n<p><\/p>\n<p>Spain, Madrid - May\/June 2023&nbsp;<\/p>\n<p><\/p>\n<p><\/p>\n<p>The \"NATO Interoperability Military Exercise\" is a joint operation between member countries of the alliance, focused on evaluating and improving the interoperability of their intelligence systems. This exercise is crucial to ensure that the armed forces of the member states operate effectively and coordinated in complex and challenging environments.<\/p>\n<p><\/p>\n<p><\/p>\n<div class=\"wp-block-buttons is-layout-flex wp-block-buttons-is-layout-flex\">\n<p><\/p>\n<div class=\"wp-block-button\"><a class=\"wp-block-button__link has-background wp-element-button\" style=\"background-color: #0578a6;\" href=\"https:\/\/seda.hi-iberia.es\/en\/2023\/05\/30\/uv23-ejercicio-militar-otan-unified-vision-2023\/\">Read more<\/a><\/div>\n<p><\/p>\n<\/div>\n<p><\/p>\n<\/div>\n<p><\/p>\n<\/div>\n<p><\/p>\n<p><\/p>\n<div class=\"wp-block-spacer\" style=\"height: 100px;\" aria-hidden=\"true\">&nbsp;<\/div>\n<p><\/p>\n<p><\/p>\n<div class=\"wp-block-columns is-layout-flex wp-container-core-columns-is-layout-28f84493 wp-block-columns-is-layout-flex\">\n<p><\/p>\n<div class=\"wp-block-column is-style-default is-layout-flow wp-block-column-is-layout-flow\" style=\"border-style: none; border-width: 0px; padding: 0;\">\n<p><\/p>\n<figure class=\"wp-block-image aligncenter size-large\"><img loading=\"lazy\" decoding=\"async\" width=\"1024\" height=\"724\" class=\"wp-image-1674\" style=\"object-fit: cover;\" src=\"https:\/\/seda.hi-iberia.es\/wp-content\/uploads\/2024\/10\/AMIDA-1-1024x724.png\" alt=\"\" srcset=\"https:\/\/seda.hi-iberia.es\/wp-content\/uploads\/2024\/10\/AMIDA-1-1024x724.png 1024w, https:\/\/seda.hi-iberia.es\/wp-content\/uploads\/2024\/10\/AMIDA-1-300x212.png 300w, https:\/\/seda.hi-iberia.es\/wp-content\/uploads\/2024\/10\/AMIDA-1-768x543.png 768w, https:\/\/seda.hi-iberia.es\/wp-content\/uploads\/2024\/10\/AMIDA-1-18x12.png 18w, https:\/\/seda.hi-iberia.es\/wp-content\/uploads\/2024\/10\/AMIDA-1.png 1200w\" sizes=\"(max-width: 1024px) 100vw, 1024px\" \/><\/figure>\n<p><\/p>\n<p><\/p>\n<h2 class=\"wp-block-heading\">1st AMIDA Experimentation Day<\/h2>\n<p><\/p>\n<p><\/p>\n<p>Portugal, Mafra - April 2023&nbsp;<\/p>\n<p><\/p>\n<p><\/p>\n<p>The \"First Experimental Day Sessions,\" organized by the Portuguese Army, brought together experts and professionals from the sector to showcase advanced technologies and innovative solutions. These presentations focused on enhancing the defensive and operational capabilities of the army.<\/p>\n<p><\/p>\n<p><\/p>\n<div class=\"wp-block-buttons is-layout-flex wp-block-buttons-is-layout-flex\">\n<p><\/p>\n<div class=\"wp-block-button\"><a class=\"wp-block-button__link has-background wp-element-button\" style=\"background-color: #0578a6;\" href=\"https:\/\/seda.hi-iberia.es\/en\/2023\/04\/04\/1st-amida-experimentation-day\/\">Read more<\/a><\/div>\n<p><\/p>\n<\/div>\n<p><\/p>\n<\/div>\n<p><\/p>\n<p><\/p>\n<div class=\"wp-block-column is-style-default is-layout-flow wp-block-column-is-layout-flow\" style=\"border-style: none; border-width: 0px; padding: 0;\">\n<p><\/p>\n<figure class=\"wp-block-image size-large\"><img loading=\"lazy\" decoding=\"async\" width=\"1024\" height=\"724\" class=\"wp-image-1683\" style=\"object-fit: cover;\" src=\"https:\/\/seda.hi-iberia.es\/wp-content\/uploads\/2024\/10\/Congreso-armada-1-1024x724.png\" alt=\"\" srcset=\"https:\/\/seda.hi-iberia.es\/wp-content\/uploads\/2024\/10\/Congreso-armada-1-1024x724.png 1024w, https:\/\/seda.hi-iberia.es\/wp-content\/uploads\/2024\/10\/Congreso-armada-1-300x212.png 300w, https:\/\/seda.hi-iberia.es\/wp-content\/uploads\/2024\/10\/Congreso-armada-1-768x543.png 768w, https:\/\/seda.hi-iberia.es\/wp-content\/uploads\/2024\/10\/Congreso-armada-1-18x12.png 18w, https:\/\/seda.hi-iberia.es\/wp-content\/uploads\/2024\/10\/Congreso-armada-1.png 1200w\" sizes=\"(max-width: 1024px) 100vw, 1024px\" \/><\/figure>\n<p><\/p>\n<p><\/p>\n<h2 class=\"wp-block-heading\">2nd Armada-UGR Congress: \u201cIntelligent Logistics for Defense\u201d.<\/h2>\n<p><\/p>\n<p><\/p>\n<p>Spain, Granada - February 2023&nbsp;<\/p>\n<p><\/p>\n<p><\/p>\n<p>Second Joint Congress between the Spanish Navy and the University of Granada (UGR) to showcase capabilities in the development of various applicable technologies by the National Defence industry. This event aims to foster collaboration between academic and military institutions.<\/p>\n<p><\/p>\n<p><\/p>\n<div class=\"wp-block-buttons is-layout-flex wp-block-buttons-is-layout-flex\">\n<p><\/p>\n<div class=\"wp-block-button\"><a class=\"wp-block-button__link has-background wp-element-button\" style=\"background-color: #0578a6;\" href=\"https:\/\/seda.hi-iberia.es\/en\/2023\/02\/15\/2o-congreso-armada-ugr-logistica-inteligente-para-la-defensa\/\">Read more<\/a><\/div>\n<p><\/p>\n<\/div>\n<p><\/p>\n<\/div>\n<p><\/p>\n<p><\/p>\n<div class=\"wp-block-column is-style-default is-layout-flow wp-block-column-is-layout-flow\" style=\"border-style: none; border-width: 0px; padding: 0;\">\n<p><\/p>\n<figure class=\"wp-block-image size-large\"><img loading=\"lazy\" decoding=\"async\" width=\"1024\" height=\"724\" class=\"wp-image-1675\" src=\"https:\/\/seda.hi-iberia.es\/wp-content\/uploads\/2024\/10\/Aeropuerto-Ramstein--1024x724.png\" alt=\"\" srcset=\"https:\/\/seda.hi-iberia.es\/wp-content\/uploads\/2024\/10\/Aeropuerto-Ramstein--1024x724.png 1024w, https:\/\/seda.hi-iberia.es\/wp-content\/uploads\/2024\/10\/Aeropuerto-Ramstein--300x212.png 300w, https:\/\/seda.hi-iberia.es\/wp-content\/uploads\/2024\/10\/Aeropuerto-Ramstein--768x543.png 768w, https:\/\/seda.hi-iberia.es\/wp-content\/uploads\/2024\/10\/Aeropuerto-Ramstein--18x12.png 18w, https:\/\/seda.hi-iberia.es\/wp-content\/uploads\/2024\/10\/Aeropuerto-Ramstein-.png 1200w\" sizes=\"(max-width: 1024px) 100vw, 1024px\" \/><\/figure>\n<p><\/p>\n<p><\/p>\n<h2 class=\"wp-block-heading\">17th BISRWG Meeting<\/h2>\n<p><\/p>\n<p><\/p>\n<p>Germany, Ramstein - October 2022&nbsp;<\/p>\n<p><\/p>\n<p><\/p>\n<p><\/p>\n<p><\/p>\n<p>The seventeenth session of the BICES Working Group focused on reviewing and evaluating the modernization of military capabilities. Strategies were discussed to update and enhance technological infrastructures, ensuring that allied forces maintain their operational advantage.<\/p>\n<p><\/p>\n<p><\/p>\n<div class=\"wp-block-buttons is-layout-flex wp-block-buttons-is-layout-flex\">\n<p><\/p>\n<div class=\"wp-block-button\"><a class=\"wp-block-button__link has-background wp-element-button\" style=\"background-color: #0578a6;\" href=\"https:\/\/seda.hi-iberia.es\/en\/2022\/10\/16\/17th-bisrwg-meeting\/\">Read more<\/a><\/div>\n<p><\/p>\n<\/div>\n<p><\/p>\n<\/div>\n<p><\/p>\n<\/div>\n<p><\/p>\n<p><\/p>\n<div class=\"wp-block-spacer\" style=\"height: 118px;\" aria-hidden=\"true\">&nbsp;<\/div>\n<p><\/p>\n<\/div>\n<p><\/p>\n<\/div>\n<p><!-- \/wp:group --><\/p>\n<p><!-- wp:paragraph --><\/p>\n<p><!-- \/wp:paragraph --><\/p>\t\t\t\t\t\t\t\t<\/div>\n\t\t\t\t<\/div>\n\t\t\t\t\t<\/div>\n\t\t<\/div>\n\t\t\t\t\t<\/div>\n\t\t<\/section>\n\t\t\t\t<\/div>","protected":false},"excerpt":{"rendered":"<p>Eventos Distribudores de AIRBUS Espa\u00f1a, Madrid \u2013 Mayo 2025 Anunciamos la uni\u00f3n de HI Iberia con Airbus Defense And Space como nuevo socio en el mercado de Defensa y Seguridad en Espa\u00f1a, convirti\u00e9ndonos en distribudores oficiales de sus im\u00e1genes. Agradecemos a Airbus la confianza depositada en nuestra herramienta SEDA, potenciada con la integraci\u00f3n de las [&hellip;]<\/p>","protected":false},"author":1,"featured_media":0,"parent":0,"menu_order":0,"comment_status":"closed","ping_status":"closed","template":"no-title","meta":{"om_disable_all_campaigns":false,"_monsterinsights_skip_tracking":false,"_monsterinsights_sitenote_active":false,"_monsterinsights_sitenote_note":"","_monsterinsights_sitenote_category":0,"footnotes":""},"class_list":["post-857","page","type-page","status-publish","hentry"],"_links":{"self":[{"href":"https:\/\/seda.hi-iberia.es\/en\/wp-json\/wp\/v2\/pages\/857","targetHints":{"allow":["GET"]}}],"collection":[{"href":"https:\/\/seda.hi-iberia.es\/en\/wp-json\/wp\/v2\/pages"}],"about":[{"href":"https:\/\/seda.hi-iberia.es\/en\/wp-json\/wp\/v2\/types\/page"}],"author":[{"embeddable":true,"href":"https:\/\/seda.hi-iberia.es\/en\/wp-json\/wp\/v2\/users\/1"}],"replies":[{"embeddable":true,"href":"https:\/\/seda.hi-iberia.es\/en\/wp-json\/wp\/v2\/comments?post=857"}],"version-history":[{"count":149,"href":"https:\/\/seda.hi-iberia.es\/en\/wp-json\/wp\/v2\/pages\/857\/revisions"}],"predecessor-version":[{"id":2335,"href":"https:\/\/seda.hi-iberia.es\/en\/wp-json\/wp\/v2\/pages\/857\/revisions\/2335"}],"wp:attachment":[{"href":"https:\/\/seda.hi-iberia.es\/en\/wp-json\/wp\/v2\/media?parent=857"}],"curies":[{"name":"wp","href":"https:\/\/api.w.org\/{rel}","templated":true}]}}